{"id":25582,"date":"2021-11-08T13:06:00","date_gmt":"2021-11-08T12:06:00","guid":{"rendered":"https:\/\/abeco-system.de\/?page_id=25582"},"modified":"2025-09-08T11:44:50","modified_gmt":"2025-09-08T09:44:50","slug":"uber-uns","status":"publish","type":"page","link":"https:\/\/abeco-system.de\/en\/uber-uns\/","title":{"rendered":"\u00dcber uns"},"content":{"rendered":"<p>[et_pb_section fb_built=&#8220;1&#8243; custom_padding_last_edited=&#8220;on|phone&#8220; _builder_version=&#8220;4.16&#8243; _module_preset=&#8220;default&#8220; background_image=&#8220;https:\/\/abeco-system.de\/wp-content\/uploads\/2021\/11\/skog.jpg&#8220; custom_padding_tablet=&#8220;&#8220; custom_padding_phone=&#8220;0px||0px||false|false&#8220; global_colors_info=&#8220;{}&#8220;][et_pb_row _builder_version=&#8220;4.16&#8243; _module_preset=&#8220;default&#8220; custom_margin=&#8220;||||false|false&#8220; global_colors_info=&#8220;{}&#8220;][et_pb_column type=&#8220;4_4&#8243; _builder_version=&#8220;4.16&#8243; _module_preset=&#8220;default&#8220; global_colors_info=&#8220;{}&#8220;][et_pb_text _builder_version=&#8220;4.17.4&#8243; _module_preset=&#8220;default&#8220; header_text_color=&#8220;#FFFFFF&#8220; header_font_size=&#8220;40px&#8220; global_colors_info=&#8220;{}&#8220;]<\/p>\n<h1><span>\u00dcber uns<\/span><\/h1>\n<p>[\/et_pb_text][\/et_pb_column][\/et_pb_row][\/et_pb_section][et_pb_section fb_built=&#8220;1&#8243; _builder_version=&#8220;4.16&#8243; _module_preset=&#8220;default&#8220; global_colors_info=&#8220;{}&#8220;][et_pb_row _builder_version=&#8220;4.16&#8243; _module_preset=&#8220;default&#8220; global_colors_info=&#8220;{}&#8220;][et_pb_column type=&#8220;4_4&#8243; _builder_version=&#8220;4.16&#8243; _module_preset=&#8220;default&#8220; global_colors_info=&#8220;{}&#8220;][et_pb_text _builder_version=&#8220;4.17.4&#8243; _module_preset=&#8220;default&#8220; text_font_size=&#8220;16px&#8220; global_colors_info=&#8220;{}&#8220;]<\/p>\n<p>abeco produziert holzbasierte Leisten aus Flachmaterial und Massivholz, h\u00e4ufig beschichtet mit Folie, Furnier oder Laminat, haupts\u00e4chlich f\u00fcr die skandinavische M\u00f6bel- und Bauindustrie.<\/p>\n<p>[\/et_pb_text][\/et_pb_column][\/et_pb_row][et_pb_row column_structure=&#8220;1_2,1_2&#8243; module_id=&#8220;var-historia&#8220; _builder_version=&#8220;4.16&#8243; _module_preset=&#8220;default&#8220; global_colors_info=&#8220;{}&#8220;][et_pb_column type=&#8220;1_2&#8243; _builder_version=&#8220;4.16&#8243; _module_preset=&#8220;default&#8220; global_colors_info=&#8220;{}&#8220;][et_pb_text _builder_version=&#8220;4.17.4&#8243; _module_preset=&#8220;default&#8220; text_font_size=&#8220;16px&#8220; global_colors_info=&#8220;{}&#8220;]<\/p>\n<h2>Unsere Geschichte<\/h2>\n<p>abeco begann in den fr\u00fchen 1970er Jahren mit der Ummantelung. Im Jahr 1983 erwarb Bo Ljungkvist das Unternehmen, das damals in abeco-system BL ab umbenannt wurde. Zuvor war er der gr\u00f6\u00dfte Kunde von abeco gewesen. Im Jahr 1985 wurde der Betrieb nach Hishult in S\u00fcd-Halland, Schweden verlegt. abeco besch\u00e4ftigt heute 15 Mitarbeiter und wird von der Familie Ljungkvist gef\u00fchrt.<\/p>\n<p>[\/et_pb_text][\/et_pb_column][et_pb_column type=&#8220;1_2&#8243; _builder_version=&#8220;4.16&#8243; _module_preset=&#8220;default&#8220; global_colors_info=&#8220;{}&#8220;][et_pb_image src=&#8220;https:\/\/abeco-system.de\/wp-content\/uploads\/2021\/11\/hishult.png&#8220; title_text=&#8220;hishult&#8220; _builder_version=&#8220;4.16&#8243; _module_preset=&#8220;default&#8220; global_colors_info=&#8220;{}&#8220;][\/et_pb_image][\/et_pb_column][\/et_pb_row][et_pb_row module_id=&#8220;certifikat&#8220; _builder_version=&#8220;4.16&#8243; _module_preset=&#8220;default&#8220; global_colors_info=&#8220;{}&#8220;][et_pb_column type=&#8220;4_4&#8243; _builder_version=&#8220;4.16&#8243; _module_preset=&#8220;default&#8220; global_colors_info=&#8220;{}&#8220;][et_pb_text _builder_version=&#8220;4.27.4&#8243; _module_preset=&#8220;default&#8220; text_font_size=&#8220;16px&#8220; link_text_color=&#8220;#0645ad&#8220; hover_enabled=&#8220;0&#8243; global_colors_info=&#8220;{}&#8220; sticky_enabled=&#8220;0&#8243;]<\/p>\n<h2>Zertifikat<\/h2>\n<p>&nbsp;<\/p>\n<p><a href=\"https:\/\/abeco-system.de\/wp-content\/uploads\/2025\/09\/FSC-certifikat-Abeco-System-BL-AB-BV-COC-CW-123012-2024.pdf\" target=\"_blank\" rel=\"noopener\"><span style=\"text-decoration: underline;\">FSC<\/span><sup>\u00ae<\/sup><\/a><\/p>\n<p><a href=\"https:\/\/abeco-system.de\/wp-content\/uploads\/2025\/09\/abeco-system-BL-ab-PEFC-2024.pdf\" target=\"_blank\" rel=\"noopener noreferrer\"><span style=\"text-decoration: underline;\">PEFC<\/span><\/a>[\/et_pb_text][\/et_pb_column][\/et_pb_row][\/et_pb_section][et_pb_section fb_built=&#8220;1&#8243; _builder_version=&#8220;4.16&#8243; _module_preset=&#8220;default&#8220; background_color=&#8220;#fcfcfc&#8220; border_width_top=&#8220;1px&#8220; border_color_top=&#8220;rgba(51,51,51,0.1)&#8220; global_colors_info=&#8220;{}&#8220;][et_pb_row column_structure=&#8220;3_5,2_5&#8243; module_id=&#8220;tillverkning&#8220; _builder_version=&#8220;4.16&#8243; _module_preset=&#8220;default&#8220; background_color_gradient_direction=&#8220;270deg&#8220; background_enable_image=&#8220;off&#8220; background_blend=&#8220;color&#8220; custom_margin=&#8220;||||false|false&#8220; custom_padding=&#8220;||||false|false&#8220; global_colors_info=&#8220;{}&#8220;][et_pb_column type=&#8220;3_5&#8243; _builder_version=&#8220;4.16&#8243; _module_preset=&#8220;default&#8220; global_colors_info=&#8220;{}&#8220;][et_pb_text _builder_version=&#8220;4.17.4&#8243; _module_preset=&#8220;default&#8220; text_font_size=&#8220;16px&#8220; background_enable_color=&#8220;off&#8220; custom_padding=&#8220;0%|0%|0%|0%|false|true&#8220; global_colors_info=&#8220;{}&#8220;]<\/p>\n<h2>Produktion<\/h2>\n<p>abeco verf\u00fcgt \u00fcber sechs Produktionslinien f\u00fcr ummantelte Profile mit entsprechenden Hobelmaschinen, Schleiflinien, Bohr- und Zentrierungsmaschinen, Kantenschneidemaschinen, eine f\u00fcnfachsige CNC-Fr\u00e4se, Kantenanleimlinien und mehr. Wir ummanteln mit allen Arten von Folien und Furnieren auf einer Kernplatte aus Spanplatte, MDF, Sperrholz oder Massivholz. Wir hobeln auch Profile aus MDF und Holz. Die Profile und Komponenten k\u00f6nnen zugeschnitten, gefr\u00e4st, kantenbearbeitet und gebohrt geliefert werden, mit oder ohne Mittelzapfen.<\/p>\n<p>[\/et_pb_text][\/et_pb_column][et_pb_column type=&#8220;2_5&#8243; _builder_version=&#8220;4.16&#8243; _module_preset=&#8220;default&#8220; global_colors_info=&#8220;{}&#8220;][et_pb_image src=&#8220;https:\/\/abeco-system.de\/wp-content\/uploads\/2022\/01\/DSC04893-scaled.jpg&#8220; title_text=&#8220;DSC04893&#8243; _builder_version=&#8220;4.16&#8243; _module_preset=&#8220;default&#8220; global_colors_info=&#8220;{}&#8220;][\/et_pb_image][\/et_pb_column][\/et_pb_row][\/et_pb_section][et_pb_section fb_built=&#8220;1&#8243; _builder_version=&#8220;4.16&#8243; _module_preset=&#8220;default&#8220; background_enable_color=&#8220;off&#8220; border_width_top=&#8220;1px&#8220; border_color_top=&#8220;rgba(51,51,51,0.1)&#8220; global_colors_info=&#8220;{}&#8220;][et_pb_row column_structure=&#8220;2_5,3_5&#8243; module_id=&#8220;miljo-och-kvalitetspolicy&#8220; _builder_version=&#8220;4.17.4&#8243; _module_preset=&#8220;default&#8220; background_color_gradient_direction=&#8220;270deg&#8220; background_enable_image=&#8220;off&#8220; background_blend=&#8220;color&#8220; custom_margin=&#8220;||||false|false&#8220; custom_padding=&#8220;||||false|false&#8220; global_colors_info=&#8220;{}&#8220;][et_pb_column type=&#8220;2_5&#8243; _builder_version=&#8220;4.16&#8243; _module_preset=&#8220;default&#8220; global_colors_info=&#8220;{}&#8220;][et_pb_image src=&#8220;https:\/\/abeco-system.de\/wp-content\/uploads\/2022\/01\/DSC04999-scaled.jpg&#8220; title_text=&#8220;DSC04999&#8243; _builder_version=&#8220;4.16&#8243; _module_preset=&#8220;default&#8220; global_colors_info=&#8220;{}&#8220;][\/et_pb_image][\/et_pb_column][et_pb_column type=&#8220;3_5&#8243; _builder_version=&#8220;4.16&#8243; _module_preset=&#8220;default&#8220; global_colors_info=&#8220;{}&#8220;][et_pb_text _builder_version=&#8220;4.17.4&#8243; _module_preset=&#8220;default&#8220; text_font_size=&#8220;16px&#8220; global_colors_info=&#8220;{}&#8220;]<\/p>\n<h2>Umwelt- und Qualit\u00e4tsrichtlinie<\/h2>\n<p>abeco produziert holzbasierte Leisten aus Flachmaterial und Massivholz, meistens beschichtet mit Folie, Furnier oder Laminat, haupts\u00e4chlich f\u00fcr die nordische M\u00f6bel- und Bauindustrie. Unsere Aktivit\u00e4ten sollen von Umweltbewusstsein gepr\u00e4gt sein.<\/p>\n<p>Die Einhaltung von Gesetzen und anderen Umweltvorschriften ist bei abeco selbstverst\u00e4ndlich. Durch kontinuierliche Verbesserungen wollen wir negative Umweltauswirkungen von Waren, Verpackungen und anderen Gesch\u00e4ftsaktivit\u00e4ten vorbeugen und minimieren. Unser Handeln soll von einem Kreislaufdenken gepr\u00e4gt sein, um zusammen mit unseren Kunden und Lieferanten die Umweltauswirkungen zu minimieren.<\/p>\n<p>abeco wird immer geschlossene Vereinbarungen einhalten und Produkte mit der richtigen Qualit\u00e4t liefern. Richtige Qualit\u00e4t bedeutet:<\/p>\n<ol>\n<li>Dass alle Aufgaben hinsichtlich der zu erf\u00fcllenden Anforderungen spezifiziert sind<\/li>\n<li>Dass die Herstellung so erfolgt, dass die Anforderungen erf\u00fcllt werden k\u00f6nnen<\/li>\n<li>Dass die Lieferung zum zugesagten Zeitpunkt erfolgt<\/li>\n<\/ol>\n<p>abeco distanziert sich von:<\/p>\n<\/p>\n<ol>\n<li>Illegale Abholzung von W\u00e4ldern und Handel mit illegal geschlagenem Holz oder Waldprodukten<\/li>\n<li>Forstwirtschaft, die traditionelle und menschliche Rechte verletzt<\/li>\n<li>Forstwirtschaft, die hohe Naturwerte zerst\u00f6rt<\/li>\n<li>Bedeutende Umwandlung von W\u00e4ldern in Plantagen oder andere nicht-forstliche Landnutzung<\/li>\n<li>Verwendung von genetisch modifizierten Organismen in der Forstwirtschaft<\/li>\n<li>Aktivit\u00e4ten, die gegen eine der ILO-Kern\u00fcbereinkommen versto\u00dfen, gem\u00e4\u00df der ILO-Erkl\u00e4rung \u00fcber grundlegende Prinzipien und Rechte bei der Arbeit<\/li>\n<\/ol>\n<ol><\/ol>\n<p>[\/et_pb_text][\/et_pb_column][\/et_pb_row][\/et_pb_section][et_pb_section fb_built=&#8220;1&#8243; _builder_version=&#8220;4.16&#8243; _module_preset=&#8220;default&#8220; background_color=&#8220;#fcfcfc&#8220; border_width_top=&#8220;1px&#8220; border_color_top=&#8220;rgba(51,51,51,0.1)&#8220; global_colors_info=&#8220;{}&#8220;][et_pb_row module_id=&#8220;arbetsmiljo-och-brandskyddspolicy&#8220; _builder_version=&#8220;4.16&#8243; _module_preset=&#8220;default&#8220; custom_padding=&#8220;||||true|false&#8220; global_colors_info=&#8220;{}&#8220;][et_pb_column type=&#8220;4_4&#8243; _builder_version=&#8220;4.16&#8243; _module_preset=&#8220;default&#8220; global_colors_info=&#8220;{}&#8220;][et_pb_text _builder_version=&#8220;4.17.4&#8243; _module_preset=&#8220;default&#8220; text_font_size=&#8220;16px&#8220; global_colors_info=&#8220;{}&#8220;]<\/p>\n<h2>Arbeits- und Brandschutzrichtlinie<\/h2>\n<p>abeco stellt holzbasierte Leisten aus Flachmaterial und Massivholz her, die in der Regel mit Folie, Furnier oder Laminat beschichtet sind, haupts\u00e4chlich f\u00fcr die nordische M\u00f6bel- und Bauindustrie. Diese Aktivit\u00e4t birgt keine bedeutenden Arbeits- oder Brandschutzrisiken, und abeco erf\u00fcllt die Anforderungen an die Gesch\u00e4ftst\u00e4tigkeit, die in Gesetzen und beh\u00f6rdlichen Vorschriften festgelegt sind.<\/p>\n<p>Das Personal ist die wichtigste Ressource von abeco, und um eine effiziente Organisation aufrechtzuerhalten, strebt abeco danach:<\/p>\n<\/p>\n<ol>\n<li>Dass das Personal sich der Arbeitsumgebung bewusst ist<\/li>\n<li>Dass die Arbeitsumgebung angenehm ist und so gut, dass unsere Mitarbeiter weder Gesundheitsproblemen noch Unf\u00e4llen ausgesetzt sind<\/li>\n<li>Dass keine Formen von negativer Benachteiligung und Mobbing vorkommen<\/li>\n<li>Dass kontinuierlich Arbeitsumweltrisiken erfasst und angegangen werden<\/li>\n<li>Dass das Wohl und die Gesundheit der Mitarbeiter sowie das Eigentum des Unternehmens sowohl drinnen als auch drau\u00dfen vor Brandsch\u00e4den durch Engagement und Bewusstsein gesch\u00fctzt werden.<\/li>\n<\/ol>\n<p>[\/et_pb_text][\/et_pb_column][\/et_pb_row][\/et_pb_section]<\/p>\n","protected":false},"excerpt":{"rendered":"<p>\u00dcber unsabeco produziert holzbasierte Leisten aus Flachmaterial und Massivholz, h\u00e4ufig beschichtet mit Folie, Furnier oder Laminat, haupts\u00e4chlich f\u00fcr die skandinavische M\u00f6bel- und Bauindustrie.Unsere Geschichte abeco begann in den fr\u00fchen 1970er Jahren mit der Ummantelung. Im Jahr 1983 erwarb Bo Ljungkvist das Unternehmen, das damals in abeco-system BL ab umbenannt wurde. Zuvor war er der gr\u00f6\u00dfte [&hellip;]<\/p>\n","protected":false},"author":1,"featured_media":236426,"parent":0,"menu_order":0,"comment_status":"closed","ping_status":"closed","template":"","meta":{"_et_pb_use_builder":"on","_et_pb_old_content":"","_et_gb_content_width":"","footnotes":""},"class_list":["post-25582","page","type-page","status-publish","has-post-thumbnail","hentry"],"yoast_head":"<!-- This site is optimized with the Yoast SEO Premium plugin v20.8 (Yoast SEO v27.4) - https:\/\/yoast.com\/product\/yoast-seo-premium-wordpress\/ -->\n<title>\u00dcber uns - abeco<\/title>\n<meta name=\"robots\" content=\"index, follow, max-snippet:-1, max-image-preview:large, max-video-preview:-1\" \/>\n<link rel=\"canonical\" href=\"https:\/\/abeco-system.de\/en\/uber-uns\/\" \/>\n<meta property=\"og:locale\" content=\"en_GB\" \/>\n<meta property=\"og:type\" content=\"article\" \/>\n<meta property=\"og:title\" content=\"\u00dcber uns\" \/>\n<meta property=\"og:description\" content=\"\u00dcber unsabeco produziert holzbasierte Leisten aus Flachmaterial und Massivholz, h\u00e4ufig beschichtet mit Folie, Furnier oder Laminat, haupts\u00e4chlich f\u00fcr die skandinavische M\u00f6bel- und Bauindustrie.Unsere Geschichte abeco begann in den fr\u00fchen 1970er Jahren mit der Ummantelung. Im Jahr 1983 erwarb Bo Ljungkvist das Unternehmen, das damals in abeco-system BL ab umbenannt wurde. Zuvor war er der gr\u00f6\u00dfte [&hellip;]\" \/>\n<meta property=\"og:url\" content=\"https:\/\/abeco-system.de\/en\/uber-uns\/\" \/>\n<meta property=\"og:site_name\" content=\"abeco\" \/>\n<meta property=\"article:modified_time\" content=\"2025-09-08T09:44:50+00:00\" \/>\n<meta property=\"og:image\" content=\"https:\/\/abeco-system.de\/wp-content\/uploads\/2022\/05\/DSC05007-scaled.jpg\" \/>\n\t<meta property=\"og:image:width\" content=\"2560\" \/>\n\t<meta property=\"og:image:height\" content=\"1710\" \/>\n\t<meta property=\"og:image:type\" content=\"image\/jpeg\" \/>\n<meta name=\"twitter:card\" content=\"summary_large_image\" \/>\n<meta name=\"twitter:label1\" content=\"Estimated reading time\" \/>\n\t<meta name=\"twitter:data1\" content=\"4 minutes\" \/>\n<script type=\"application\/ld+json\" class=\"yoast-schema-graph\">{\"@context\":\"https:\\\/\\\/schema.org\",\"@graph\":[{\"@type\":\"WebPage\",\"@id\":\"https:\\\/\\\/abeco-system.de\\\/uber-uns\\\/\",\"url\":\"https:\\\/\\\/abeco-system.de\\\/uber-uns\\\/\",\"name\":\"\u00dcber uns - abeco\",\"isPartOf\":{\"@id\":\"https:\\\/\\\/abeco-system.de\\\/#website\"},\"primaryImageOfPage\":{\"@id\":\"https:\\\/\\\/abeco-system.de\\\/uber-uns\\\/#primaryimage\"},\"image\":{\"@id\":\"https:\\\/\\\/abeco-system.de\\\/uber-uns\\\/#primaryimage\"},\"thumbnailUrl\":\"https:\\\/\\\/abeco-system.de\\\/wp-content\\\/uploads\\\/2022\\\/05\\\/DSC05007-scaled.jpg\",\"datePublished\":\"2021-11-08T12:06:00+00:00\",\"dateModified\":\"2025-09-08T09:44:50+00:00\",\"breadcrumb\":{\"@id\":\"https:\\\/\\\/abeco-system.de\\\/uber-uns\\\/#breadcrumb\"},\"inLanguage\":\"en-GB\",\"potentialAction\":[{\"@type\":\"ReadAction\",\"target\":[\"https:\\\/\\\/abeco-system.de\\\/uber-uns\\\/\"]}]},{\"@type\":\"ImageObject\",\"inLanguage\":\"en-GB\",\"@id\":\"https:\\\/\\\/abeco-system.de\\\/uber-uns\\\/#primaryimage\",\"url\":\"https:\\\/\\\/abeco-system.de\\\/wp-content\\\/uploads\\\/2022\\\/05\\\/DSC05007-scaled.jpg\",\"contentUrl\":\"https:\\\/\\\/abeco-system.de\\\/wp-content\\\/uploads\\\/2022\\\/05\\\/DSC05007-scaled.jpg\",\"width\":2560,\"height\":1710},{\"@type\":\"BreadcrumbList\",\"@id\":\"https:\\\/\\\/abeco-system.de\\\/uber-uns\\\/#breadcrumb\",\"itemListElement\":[{\"@type\":\"ListItem\",\"position\":1,\"name\":\"Home\",\"item\":\"https:\\\/\\\/abeco-system.de\\\/\"},{\"@type\":\"ListItem\",\"position\":2,\"name\":\"\u00dcber uns\"}]},{\"@type\":\"WebSite\",\"@id\":\"https:\\\/\\\/abeco-system.de\\\/#website\",\"url\":\"https:\\\/\\\/abeco-system.de\\\/\",\"name\":\"abeco\",\"description\":\"Hersteller von Leisten und Holzkomponenten\",\"potentialAction\":[{\"@type\":\"SearchAction\",\"target\":{\"@type\":\"EntryPoint\",\"urlTemplate\":\"https:\\\/\\\/abeco-system.de\\\/?s={search_term_string}\"},\"query-input\":{\"@type\":\"PropertyValueSpecification\",\"valueRequired\":true,\"valueName\":\"search_term_string\"}}],\"inLanguage\":\"en-GB\"}]}<\/script>\n<!-- \/ Yoast SEO Premium plugin. -->","yoast_head_json":{"title":"\u00dcber uns - abeco","robots":{"index":"index","follow":"follow","max-snippet":"max-snippet:-1","max-image-preview":"max-image-preview:large","max-video-preview":"max-video-preview:-1"},"canonical":"https:\/\/abeco-system.de\/en\/uber-uns\/","og_locale":"en_GB","og_type":"article","og_title":"\u00dcber uns","og_description":"\u00dcber unsabeco produziert holzbasierte Leisten aus Flachmaterial und Massivholz, h\u00e4ufig beschichtet mit Folie, Furnier oder Laminat, haupts\u00e4chlich f\u00fcr die skandinavische M\u00f6bel- und Bauindustrie.Unsere Geschichte abeco begann in den fr\u00fchen 1970er Jahren mit der Ummantelung. Im Jahr 1983 erwarb Bo Ljungkvist das Unternehmen, das damals in abeco-system BL ab umbenannt wurde. Zuvor war er der gr\u00f6\u00dfte [&hellip;]","og_url":"https:\/\/abeco-system.de\/en\/uber-uns\/","og_site_name":"abeco","article_modified_time":"2025-09-08T09:44:50+00:00","og_image":[{"width":2560,"height":1710,"url":"https:\/\/abeco-system.de\/wp-content\/uploads\/2022\/05\/DSC05007-scaled.jpg","type":"image\/jpeg"}],"twitter_card":"summary_large_image","twitter_misc":{"Estimated reading time":"4 minutes"},"schema":{"@context":"https:\/\/schema.org","@graph":[{"@type":"WebPage","@id":"https:\/\/abeco-system.de\/uber-uns\/","url":"https:\/\/abeco-system.de\/uber-uns\/","name":"\u00dcber uns - abeco","isPartOf":{"@id":"https:\/\/abeco-system.de\/#website"},"primaryImageOfPage":{"@id":"https:\/\/abeco-system.de\/uber-uns\/#primaryimage"},"image":{"@id":"https:\/\/abeco-system.de\/uber-uns\/#primaryimage"},"thumbnailUrl":"https:\/\/abeco-system.de\/wp-content\/uploads\/2022\/05\/DSC05007-scaled.jpg","datePublished":"2021-11-08T12:06:00+00:00","dateModified":"2025-09-08T09:44:50+00:00","breadcrumb":{"@id":"https:\/\/abeco-system.de\/uber-uns\/#breadcrumb"},"inLanguage":"en-GB","potentialAction":[{"@type":"ReadAction","target":["https:\/\/abeco-system.de\/uber-uns\/"]}]},{"@type":"ImageObject","inLanguage":"en-GB","@id":"https:\/\/abeco-system.de\/uber-uns\/#primaryimage","url":"https:\/\/abeco-system.de\/wp-content\/uploads\/2022\/05\/DSC05007-scaled.jpg","contentUrl":"https:\/\/abeco-system.de\/wp-content\/uploads\/2022\/05\/DSC05007-scaled.jpg","width":2560,"height":1710},{"@type":"BreadcrumbList","@id":"https:\/\/abeco-system.de\/uber-uns\/#breadcrumb","itemListElement":[{"@type":"ListItem","position":1,"name":"Home","item":"https:\/\/abeco-system.de\/"},{"@type":"ListItem","position":2,"name":"\u00dcber uns"}]},{"@type":"WebSite","@id":"https:\/\/abeco-system.de\/#website","url":"https:\/\/abeco-system.de\/","name":"abeco","description":"Hersteller von Leisten und Holzkomponenten","potentialAction":[{"@type":"SearchAction","target":{"@type":"EntryPoint","urlTemplate":"https:\/\/abeco-system.de\/?s={search_term_string}"},"query-input":{"@type":"PropertyValueSpecification","valueRequired":true,"valueName":"search_term_string"}}],"inLanguage":"en-GB"}]}},"_links":{"self":[{"href":"https:\/\/abeco-system.de\/en\/wp-json\/wp\/v2\/pages\/25582","targetHints":{"allow":["GET"]}}],"collection":[{"href":"https:\/\/abeco-system.de\/en\/wp-json\/wp\/v2\/pages"}],"about":[{"href":"https:\/\/abeco-system.de\/en\/wp-json\/wp\/v2\/types\/page"}],"author":[{"embeddable":true,"href":"https:\/\/abeco-system.de\/en\/wp-json\/wp\/v2\/users\/1"}],"replies":[{"embeddable":true,"href":"https:\/\/abeco-system.de\/en\/wp-json\/wp\/v2\/comments?post=25582"}],"version-history":[{"count":0,"href":"https:\/\/abeco-system.de\/en\/wp-json\/wp\/v2\/pages\/25582\/revisions"}],"wp:featuredmedia":[{"embeddable":true,"href":"https:\/\/abeco-system.de\/en\/wp-json\/wp\/v2\/media\/236426"}],"wp:attachment":[{"href":"https:\/\/abeco-system.de\/en\/wp-json\/wp\/v2\/media?parent=25582"}],"curies":[{"name":"wp","href":"https:\/\/api.w.org\/{rel}","templated":true}]}}